{"id":1634,"date":"2024-09-20T10:49:13","date_gmt":"2024-09-20T13:49:13","guid":{"rendered":"https:\/\/www.brde.com.br\/palacete\/?page_id=1634"},"modified":"2025-05-19T12:50:03","modified_gmt":"2025-05-19T15:50:03","slug":"embap","status":"publish","type":"page","link":"https:\/\/brde.com.br\/palacete\/embap\/","title":{"rendered":"sala de musica"},"content":{"rendered":"\t\t<div data-elementor-type=\"wp-page\" data-elementor-id=\"1634\" class=\"elementor elementor-1634\" data-elementor-post-type=\"page\">\n\t\t\t\t\t\t<section class=\"elementor-section elementor-top-section elementor-element elementor-element-b92cc83 elementor-section-full_width elementor-section-content-top elementor-section-stretched elementor-section-height-default elementor-section-height-default\" data-id=\"b92cc83\" data-element_type=\"section\" data-settings=\"{&quot;stretch_section&quot;:&quot;section-stretched&quot;}\">\n\t\t\t\t\t\t<div class=\"elementor-container elementor-column-gap-no\">\n\t\t\t\t\t<div class=\"elementor-column elementor-col-100 elementor-top-column elementor-element elementor-element-45e0e10\" data-id=\"45e0e10\" data-element_type=\"column\">\n\t\t\t<div class=\"elementor-widget-wrap elementor-element-populated\">\n\t\t\t\t\t\t<div class=\"elementor-element elementor-element-52dd2b5 elementor-widget elementor-widget-image\" data-id=\"52dd2b5\" data-element_type=\"widget\" data-widget_type=\"image.default\">\n\t\t\t\t<div class=\"elementor-widget-container\">\n\t\t\t\t\t\t\t\t\t\t\t\t\t<img decoding=\"async\" src=\"https:\/\/brde.com.br\/palacete\/wp-content\/uploads\/elementor\/thumbs\/20240703_@rodolfobuhrer_PalaceteLeoes_061-scaled-qudyl8k5wegfbmh34pwj0p5ouix8x8bzyacekusmyo.jpg\" title=\"20240703_@rodolfobuhrer_PalaceteLeoes_061\" alt=\"Foto: Rodolfo Buhrer \/ Divulga\u00e7\u00e3o: Espa\u00e7o Cultural BRDE - Palacete dos Le\u00f5es\" loading=\"lazy\" \/>\t\t\t\t\t\t\t\t\t\t\t\t\t<\/div>\n\t\t\t\t<\/div>\n\t\t\t\t<div class=\"elementor-element elementor-element-cebfdb7 elementor-widget elementor-widget-spacer\" data-id=\"cebfdb7\" data-element_type=\"widget\" data-widget_type=\"spacer.default\">\n\t\t\t\t<div class=\"elementor-widget-container\">\n\t\t\t\t\t<div class=\"elementor-spacer\">\n\t\t\t<div class=\"elementor-spacer-inner\"><\/div>\n\t\t<\/div>\n\t\t\t\t<\/div>\n\t\t\t\t<\/div>\n\t\t\t\t<div class=\"elementor-element elementor-element-2a3ac3c elementor-widget elementor-widget-heading\" data-id=\"2a3ac3c\" data-element_type=\"widget\" data-widget_type=\"heading.default\">\n\t\t\t\t<div class=\"elementor-widget-container\">\n\t\t\t<h2 class=\"elementor-heading-title elementor-size-default\">SALA DE M\u00daSICA<\/h2>\t\t<\/div>\n\t\t\t\t<\/div>\n\t\t\t\t\t<\/div>\n\t\t<\/div>\n\t\t\t\t\t<\/div>\n\t\t<\/section>\n\t\t\t\t<section class=\"elementor-section elementor-top-section elementor-element elementor-element-94e45f9 elementor-section-boxed elementor-section-height-default elementor-section-height-default\" data-id=\"94e45f9\" data-element_type=\"section\">\n\t\t\t\t\t\t<div class=\"elementor-container elementor-column-gap-default\">\n\t\t\t\t\t<div class=\"elementor-column elementor-col-100 elementor-top-column elementor-element elementor-element-f9cc262\" data-id=\"f9cc262\" data-element_type=\"column\">\n\t\t\t<div class=\"elementor-widget-wrap elementor-element-populated\">\n\t\t\t\t\t\t<div class=\"elementor-element elementor-element-43d16a5 elementor-widget elementor-widget-text-editor\" data-id=\"43d16a5\" data-element_type=\"widget\" data-widget_type=\"text-editor.default\">\n\t\t\t\t<div class=\"elementor-widget-container\">\n\t\t\t\t\t\t\t<p><span style=\"font-weight: 400;\">O <\/span><b>Espa\u00e7o Cultural BRDE &#8211; Palacete dos Le\u00f5es e a Escola de M\u00fasica e Belas Artes do Paran\u00e1 &#8211; EMBAP\/UNESPAR<\/b><span style=\"font-weight: 400;\"> t\u00eam o prazer de APRESENTAR o projeto SALA DE M\u00daSICA: uma temporada de recitais que ocorrer\u00e1 com duas apresenta\u00e7\u00f5es mensais entre maio e dezembro de 2025, sempre \u00e0s ter\u00e7as-feiras, \u00e0s 19h.<\/span><\/p><p><span style=\"font-weight: 400;\">Os recitais t\u00eam um cunho did\u00e1tico e est\u00e3o sob a coordena\u00e7\u00e3o da Professora <\/span><b>Carmen C\u00e9lia Fregoneze<\/b><span style=\"font-weight: 400;\">. Esta temporada \u00e9 destinada aos m\u00fasicos da EMBAP, estudantes e\/ou professores, que transformar\u00e3o as hist\u00f3ricas salas do Palacete dos Le\u00f5es em verdadeiros espa\u00e7os de m\u00fasica.<\/span><\/p><p><span style=\"font-weight: 400;\">O projeto<\/span><b> SALA DE M\u00daSICA visa unir m\u00fasica e educa\u00e7\u00e3o, hist\u00f3ria e espet\u00e1culo<\/b><span style=\"font-weight: 400;\">. Com recitais abertos ao p\u00fablico, o projeto aproxima a cultura da comunidade em geral e da comunidade acad\u00eamica, promovendo uma incr\u00edvel experi\u00eancia sonora.<\/span><\/p>\t\t\t\t\t\t<\/div>\n\t\t\t\t<\/div>\n\t\t\t\t<div class=\"elementor-element elementor-element-92fb811 elementor-widget elementor-widget-spacer\" data-id=\"92fb811\" data-element_type=\"widget\" data-widget_type=\"spacer.default\">\n\t\t\t\t<div class=\"elementor-widget-container\">\n\t\t\t\t\t<div class=\"elementor-spacer\">\n\t\t\t<div class=\"elementor-spacer-inner\"><\/div>\n\t\t<\/div>\n\t\t\t\t<\/div>\n\t\t\t\t<\/div>\n\t\t\t\t\t<\/div>\n\t\t<\/div>\n\t\t\t\t\t<\/div>\n\t\t<\/section>\n\t\t\t\t<section class=\"elementor-section elementor-top-section elementor-element elementor-element-c423f75 elementor-section-boxed elementor-section-height-default elementor-section-height-default\" data-id=\"c423f75\" data-element_type=\"section\">\n\t\t\t\t\t\t<div class=\"elementor-container elementor-column-gap-default\">\n\t\t\t\t\t<div class=\"elementor-column elementor-col-100 elementor-top-column elementor-element elementor-element-129f8b5\" data-id=\"129f8b5\" data-element_type=\"column\">\n\t\t\t<div class=\"elementor-widget-wrap elementor-element-populated\">\n\t\t\t\t\t\t<section class=\"elementor-section elementor-inner-section elementor-element elementor-element-d4936a0 elementor-section-boxed elementor-section-height-default elementor-section-height-default\" data-id=\"d4936a0\" data-element_type=\"section\">\n\t\t\t\t\t\t<div class=\"elementor-container elementor-column-gap-default\">\n\t\t\t\t\t<div class=\"elementor-column elementor-col-50 elementor-inner-column elementor-element elementor-element-f4d2b46\" data-id=\"f4d2b46\" data-element_type=\"column\">\n\t\t\t<div class=\"elementor-widget-wrap elementor-element-populated\">\n\t\t\t\t\t\t<div class=\"elementor-element elementor-element-4973a2c elementor-widget elementor-widget-heading\" data-id=\"4973a2c\" data-element_type=\"widget\" data-widget_type=\"heading.default\">\n\t\t\t\t<div class=\"elementor-widget-container\">\n\t\t\t<h2 class=\"elementor-heading-title elementor-size-default\">PROXIMAS DATAS<\/h2>\t\t<\/div>\n\t\t\t\t<\/div>\n\t\t\t\t<div class=\"elementor-element elementor-element-4365208 elementor-widget elementor-widget-text-editor\" data-id=\"4365208\" data-element_type=\"widget\" data-widget_type=\"text-editor.default\">\n\t\t\t\t<div class=\"elementor-widget-container\">\n\t\t\t\t\t\t\t<p>06 de maio<\/p><p>20 de maio\u00a0<\/p><p>03 de junho<\/p><p>17 de junho<\/p><p>12 de agosto<\/p><p>\u00a0<\/p>\t\t\t\t\t\t<\/div>\n\t\t\t\t<\/div>\n\t\t\t\t\t<\/div>\n\t\t<\/div>\n\t\t\t\t<div class=\"elementor-column elementor-col-50 elementor-inner-column elementor-element elementor-element-70564ca\" data-id=\"70564ca\" data-element_type=\"column\">\n\t\t\t<div class=\"elementor-widget-wrap elementor-element-populated\">\n\t\t\t\t\t\t<div class=\"elementor-element elementor-element-f6a847c elementor-widget elementor-widget-heading\" data-id=\"f6a847c\" data-element_type=\"widget\" data-widget_type=\"heading.default\">\n\t\t\t\t<div class=\"elementor-widget-container\">\n\t\t\t<h2 class=\"elementor-heading-title elementor-size-default\">Mais Informa\u00e7\u00f5es<\/h2>\t\t<\/div>\n\t\t\t\t<\/div>\n\t\t\t\t<div class=\"elementor-element elementor-element-12d2e12 elementor-widget elementor-widget-text-editor\" data-id=\"12d2e12\" data-element_type=\"widget\" data-widget_type=\"text-editor.default\">\n\t\t\t\t<div class=\"elementor-widget-container\">\n\t\t\t\t\t\t\t<p dir=\"ltr\" style=\"line-height: 1.38; margin-top: 12pt; margin-bottom: 12pt;\"><span style=\"font-size: 12pt; font-family: Calibri,sans-serif; color: #000000; background-color: transparent; font-weight: 400; font-style: normal; font-variant: normal; text-decoration: none; vertical-align: baseline; white-space: pre-wrap;\">\ud83d\udcc5Ter\u00e7a-feiras, duas vezes por m\u00eas<\/span><\/p><p dir=\"ltr\" style=\"line-height: 1.38; margin-top: 12pt; margin-bottom: 12pt;\"><span style=\"font-size: 12pt; font-family: Calibri,sans-serif; color: #000000; background-color: transparent; font-weight: 400; font-style: normal; font-variant: normal; text-decoration: none; vertical-align: baseline; white-space: pre-wrap;\">\ud83d\udd70\ufe0f19:00<\/span><\/p><p dir=\"ltr\" style=\"line-height: 1.38; margin-top: 12pt; margin-bottom: 12pt;\"><span style=\"font-size: 12pt; font-family: Calibri,sans-serif; color: #000000; background-color: transparent; font-weight: 400; font-style: normal; font-variant: normal; text-decoration: none; vertical-align: baseline; white-space: pre-wrap;\">\ud83d\udccdEspa\u00e7o Cultural BRDE &#8211; Palacete dos Le\u00f5es. Av. Jo\u00e3o Gualberto, 570\u00a0<\/span><\/p><p>\u00a0<\/p><p dir=\"ltr\" style=\"line-height: 1.38; margin-top: 12pt; margin-bottom: 12pt;\"><span style=\"font-size: 12pt; font-family: Calibri,sans-serif; color: #000000; background-color: transparent; font-weight: 400; font-style: normal; font-variant: normal; text-decoration: none; vertical-align: baseline; white-space: pre-wrap;\">\ud83c\udf9f\ufe0f<\/span><span style=\"background-color: transparent; font-family: Calibri, sans-serif; font-size: 12pt; white-space-collapse: preserve;\">Ingressos gratuitos dispon\u00edveis na portaria do Espa\u00e7o Cultural BRDE a partir das 18h do dia do evento.<\/span><\/p>\t\t\t\t\t\t<\/div>\n\t\t\t\t<\/div>\n\t\t\t\t\t<\/div>\n\t\t<\/div>\n\t\t\t\t\t<\/div>\n\t\t<\/section>\n\t\t\t\t\t<\/div>\n\t\t<\/div>\n\t\t\t\t\t<\/div>\n\t\t<\/section>\n\t\t\t\t<section class=\"elementor-section elementor-top-section elementor-element elementor-element-2e1f25fa elementor-section-boxed elementor-section-height-default elementor-section-height-default\" data-id=\"2e1f25fa\" data-element_type=\"section\">\n\t\t\t\t\t\t<div class=\"elementor-container elementor-column-gap-default\">\n\t\t\t\t\t<div class=\"elementor-column elementor-col-100 elementor-top-column elementor-element elementor-element-63d9e9c\" data-id=\"63d9e9c\" data-element_type=\"column\">\n\t\t\t<div class=\"elementor-widget-wrap elementor-element-populated\">\n\t\t\t\t\t\t<section class=\"elementor-section elementor-inner-section elementor-element elementor-element-6773f559 elementor-section-boxed elementor-section-height-default elementor-section-height-default\" data-id=\"6773f559\" data-element_type=\"section\">\n\t\t\t\t\t\t<div class=\"elementor-container elementor-column-gap-default\">\n\t\t\t\t\t<div class=\"elementor-column elementor-col-50 elementor-inner-column elementor-element elementor-element-3e7e94ee\" data-id=\"3e7e94ee\" data-element_type=\"column\">\n\t\t\t<div class=\"elementor-widget-wrap elementor-element-populated\">\n\t\t\t\t\t\t<div class=\"elementor-element elementor-element-28c8efbf elementor-widget elementor-widget-image\" data-id=\"28c8efbf\" data-element_type=\"widget\" data-widget_type=\"image.default\">\n\t\t\t\t<div class=\"elementor-widget-container\">\n\t\t\t\t\t\t\t\t\t\t\t\t\t\t<a href=\"https:\/\/www.brde.com.br\/palacete\/cutituba-recital-de-tubas-e-eufonios\/\">\n\t\t\t\t\t\t\t<img fetchpriority=\"high\" decoding=\"async\" width=\"600\" height=\"300\" src=\"https:\/\/brde.com.br\/palacete\/wp-content\/uploads\/2024\/10\/1-1.jpg\" class=\"attachment-medium_large size-medium_large wp-image-1852\" alt=\"\" srcset=\"https:\/\/brde.com.br\/palacete\/wp-content\/uploads\/2024\/10\/1-1.jpg 600w, https:\/\/brde.com.br\/palacete\/wp-content\/uploads\/2024\/10\/1-1-300x150.jpg 300w\" sizes=\"(max-width: 600px) 100vw, 600px\" \/>\t\t\t\t\t\t\t\t<\/a>\n\t\t\t\t\t\t\t\t\t\t\t\t\t<\/div>\n\t\t\t\t<\/div>\n\t\t\t\t<div class=\"elementor-element elementor-element-d16c187 elementor-widget elementor-widget-text-editor\" data-id=\"d16c187\" data-element_type=\"widget\" data-widget_type=\"text-editor.default\">\n\t\t\t\t<div class=\"elementor-widget-container\">\n\t\t\t\t\t\t\t<p><b>Recital de M\u00fasica de C\u00e2mera<\/b><br \/>Ter\u00e7a-feira, 20.05.2024, \u00e0s 19h<\/p>\t\t\t\t\t\t<\/div>\n\t\t\t\t<\/div>\n\t\t\t\t<div class=\"elementor-element elementor-element-380d099 elementor-widget elementor-widget-image\" data-id=\"380d099\" data-element_type=\"widget\" data-widget_type=\"image.default\">\n\t\t\t\t<div class=\"elementor-widget-container\">\n\t\t\t\t\t\t\t\t\t\t\t\t\t\t<a href=\"https:\/\/www.brde.com.br\/palacete\/cutituba-recital-de-tubas-e-eufonios\/\">\n\t\t\t\t\t\t\t<img fetchpriority=\"high\" decoding=\"async\" width=\"600\" height=\"300\" src=\"https:\/\/brde.com.br\/palacete\/wp-content\/uploads\/2024\/10\/1-1.jpg\" class=\"attachment-medium_large size-medium_large wp-image-1852\" alt=\"\" srcset=\"https:\/\/brde.com.br\/palacete\/wp-content\/uploads\/2024\/10\/1-1.jpg 600w, https:\/\/brde.com.br\/palacete\/wp-content\/uploads\/2024\/10\/1-1-300x150.jpg 300w\" sizes=\"(max-width: 600px) 100vw, 600px\" \/>\t\t\t\t\t\t\t\t<\/a>\n\t\t\t\t\t\t\t\t\t\t\t\t\t<\/div>\n\t\t\t\t<\/div>\n\t\t\t\t<div class=\"elementor-element elementor-element-c70917a elementor-widget elementor-widget-text-editor\" data-id=\"c70917a\" data-element_type=\"widget\" data-widget_type=\"text-editor.default\">\n\t\t\t\t<div class=\"elementor-widget-container\">\n\t\t\t\t\t\t\t<p><b>CutiTuba Recital de Tubas e Euf\u00f4nios<\/b><br \/>Ter\u00e7a-feira, 10,12.2024, \u00e0s 19h<\/p>\t\t\t\t\t\t<\/div>\n\t\t\t\t<\/div>\n\t\t\t\t<div class=\"elementor-element elementor-element-b40532b elementor-widget elementor-widget-image\" data-id=\"b40532b\" data-element_type=\"widget\" data-widget_type=\"image.default\">\n\t\t\t\t<div class=\"elementor-widget-container\">\n\t\t\t\t\t\t\t\t\t\t\t\t\t\t<a href=\"https:\/\/www.brde.com.br\/palacete\/recital-trio-barroco\/\">\n\t\t\t\t\t\t\t<img fetchpriority=\"high\" decoding=\"async\" width=\"600\" height=\"300\" src=\"https:\/\/brde.com.br\/palacete\/wp-content\/uploads\/2024\/10\/1-1.jpg\" class=\"attachment-medium_large size-medium_large wp-image-1852\" alt=\"\" srcset=\"https:\/\/brde.com.br\/palacete\/wp-content\/uploads\/2024\/10\/1-1.jpg 600w, https:\/\/brde.com.br\/palacete\/wp-content\/uploads\/2024\/10\/1-1-300x150.jpg 300w\" sizes=\"(max-width: 600px) 100vw, 600px\" \/>\t\t\t\t\t\t\t\t<\/a>\n\t\t\t\t\t\t\t\t\t\t\t\t\t<\/div>\n\t\t\t\t<\/div>\n\t\t\t\t<div class=\"elementor-element elementor-element-d611ede elementor-widget elementor-widget-text-editor\" data-id=\"d611ede\" data-element_type=\"widget\" data-widget_type=\"text-editor.default\">\n\t\t\t\t<div class=\"elementor-widget-container\">\n\t\t\t\t\t\t\t<p><strong>Recital Trio Barroco<\/strong><br>Ter\u00e7a-feira, 26.11.2024, \u00e0s 19h.<\/p>\t\t\t\t\t\t<\/div>\n\t\t\t\t<\/div>\n\t\t\t\t<div class=\"elementor-element elementor-element-678c43c elementor-widget elementor-widget-image\" data-id=\"678c43c\" data-element_type=\"widget\" data-widget_type=\"image.default\">\n\t\t\t\t<div class=\"elementor-widget-container\">\n\t\t\t\t\t\t\t\t\t\t\t\t\t\t<a href=\"https:\/\/www.brde.com.br\/palacete\/recital-poesia-musicada\/\">\n\t\t\t\t\t\t\t<img fetchpriority=\"high\" decoding=\"async\" width=\"600\" height=\"300\" src=\"https:\/\/brde.com.br\/palacete\/wp-content\/uploads\/2024\/10\/1-1.jpg\" class=\"attachment-medium_large size-medium_large wp-image-1852\" alt=\"\" srcset=\"https:\/\/brde.com.br\/palacete\/wp-content\/uploads\/2024\/10\/1-1.jpg 600w, https:\/\/brde.com.br\/palacete\/wp-content\/uploads\/2024\/10\/1-1-300x150.jpg 300w\" sizes=\"(max-width: 600px) 100vw, 600px\" \/>\t\t\t\t\t\t\t\t<\/a>\n\t\t\t\t\t\t\t\t\t\t\t\t\t<\/div>\n\t\t\t\t<\/div>\n\t\t\t\t<div class=\"elementor-element elementor-element-ef4bb7b elementor-widget elementor-widget-text-editor\" data-id=\"ef4bb7b\" data-element_type=\"widget\" data-widget_type=\"text-editor.default\">\n\t\t\t\t<div class=\"elementor-widget-container\">\n\t\t\t\t\t\t\t<p><strong>Recital Poesia Musicada<\/strong><br \/>Ter\u00e7a-feira, 22.10.2024, \u00e0s 19h.<\/p>\t\t\t\t\t\t<\/div>\n\t\t\t\t<\/div>\n\t\t\t\t\t<\/div>\n\t\t<\/div>\n\t\t\t\t<div class=\"elementor-column elementor-col-50 elementor-inner-column elementor-element elementor-element-7c871fd8\" data-id=\"7c871fd8\" data-element_type=\"column\">\n\t\t\t<div class=\"elementor-widget-wrap elementor-element-populated\">\n\t\t\t\t\t\t<div class=\"elementor-element elementor-element-5da86845 elementor-widget elementor-widget-image\" data-id=\"5da86845\" data-element_type=\"widget\" data-widget_type=\"image.default\">\n\t\t\t\t<div class=\"elementor-widget-container\">\n\t\t\t\t\t\t\t\t\t\t\t\t\t\t<a href=\"https:\/\/www.brde.com.br\/palacete\/recital-kaique-leal-recital-de-conclusao-de-curso-violao-solo\/\">\n\t\t\t\t\t\t\t<img decoding=\"async\" width=\"600\" height=\"300\" src=\"https:\/\/brde.com.br\/palacete\/wp-content\/uploads\/2024\/10\/1-1.jpg\" class=\"attachment-large size-large wp-image-1852\" alt=\"\" srcset=\"https:\/\/brde.com.br\/palacete\/wp-content\/uploads\/2024\/10\/1-1.jpg 600w, https:\/\/brde.com.br\/palacete\/wp-content\/uploads\/2024\/10\/1-1-300x150.jpg 300w\" sizes=\"(max-width: 600px) 100vw, 600px\" \/>\t\t\t\t\t\t\t\t<\/a>\n\t\t\t\t\t\t\t\t\t\t\t\t\t<\/div>\n\t\t\t\t<\/div>\n\t\t\t\t<div class=\"elementor-element elementor-element-a427786 elementor-widget elementor-widget-text-editor\" data-id=\"a427786\" data-element_type=\"widget\" data-widget_type=\"text-editor.default\">\n\t\t\t\t<div class=\"elementor-widget-container\">\n\t\t\t\t\t\t\t<p><b>Recital de Viol\u00e3o &#8211; Alisson Al\u00edpio<\/b><br \/>Ter\u00e7a-feira, 06.05.2024, \u00e0s 19h<\/p>\t\t\t\t\t\t<\/div>\n\t\t\t\t<\/div>\n\t\t\t\t<div class=\"elementor-element elementor-element-571159d elementor-widget elementor-widget-image\" data-id=\"571159d\" data-element_type=\"widget\" data-widget_type=\"image.default\">\n\t\t\t\t<div class=\"elementor-widget-container\">\n\t\t\t\t\t\t\t\t\t\t\t\t\t\t<a href=\"https:\/\/www.brde.com.br\/palacete\/recital-kaique-leal-recital-de-conclusao-de-curso-violao-solo\/\">\n\t\t\t\t\t\t\t<img decoding=\"async\" width=\"600\" height=\"300\" src=\"https:\/\/brde.com.br\/palacete\/wp-content\/uploads\/2024\/10\/1-1.jpg\" class=\"attachment-large size-large wp-image-1852\" alt=\"\" srcset=\"https:\/\/brde.com.br\/palacete\/wp-content\/uploads\/2024\/10\/1-1.jpg 600w, https:\/\/brde.com.br\/palacete\/wp-content\/uploads\/2024\/10\/1-1-300x150.jpg 300w\" sizes=\"(max-width: 600px) 100vw, 600px\" \/>\t\t\t\t\t\t\t\t<\/a>\n\t\t\t\t\t\t\t\t\t\t\t\t\t<\/div>\n\t\t\t\t<\/div>\n\t\t\t\t<div class=\"elementor-element elementor-element-16434d6 elementor-widget elementor-widget-text-editor\" data-id=\"16434d6\" data-element_type=\"widget\" data-widget_type=\"text-editor.default\">\n\t\t\t\t<div class=\"elementor-widget-container\">\n\t\t\t\t\t\t\t<p><b>Recital de Kaique Leal<\/b><br \/>Ter\u00e7a-feira, 03.12.2024, \u00e0s 19h<\/p>\t\t\t\t\t\t<\/div>\n\t\t\t\t<\/div>\n\t\t\t\t<div class=\"elementor-element elementor-element-595832a elementor-widget elementor-widget-image\" data-id=\"595832a\" data-element_type=\"widget\" data-widget_type=\"image.default\">\n\t\t\t\t<div class=\"elementor-widget-container\">\n\t\t\t\t\t\t\t\t\t\t\t\t\t\t<a href=\"https:\/\/www.brde.com.br\/palacete\/recital-de-violao-pedro\/\">\n\t\t\t\t\t\t\t<img decoding=\"async\" width=\"600\" height=\"300\" src=\"https:\/\/brde.com.br\/palacete\/wp-content\/uploads\/2024\/10\/1-1.jpg\" class=\"attachment-large size-large wp-image-1852\" alt=\"\" srcset=\"https:\/\/brde.com.br\/palacete\/wp-content\/uploads\/2024\/10\/1-1.jpg 600w, https:\/\/brde.com.br\/palacete\/wp-content\/uploads\/2024\/10\/1-1-300x150.jpg 300w\" sizes=\"(max-width: 600px) 100vw, 600px\" \/>\t\t\t\t\t\t\t\t<\/a>\n\t\t\t\t\t\t\t\t\t\t\t\t\t<\/div>\n\t\t\t\t<\/div>\n\t\t\t\t<div class=\"elementor-element elementor-element-2e990b2 elementor-widget elementor-widget-text-editor\" data-id=\"2e990b2\" data-element_type=\"widget\" data-widget_type=\"text-editor.default\">\n\t\t\t\t<div class=\"elementor-widget-container\">\n\t\t\t\t\t\t\t<p><b>Recital de Pedro Weber<\/b><br \/>Ter\u00e7a-feira, 12.11.2024, \u00e0s 19h<\/p>\t\t\t\t\t\t<\/div>\n\t\t\t\t<\/div>\n\t\t\t\t<div class=\"elementor-element elementor-element-76a4ff7 elementor-widget elementor-widget-image\" data-id=\"76a4ff7\" data-element_type=\"widget\" data-widget_type=\"image.default\">\n\t\t\t\t<div class=\"elementor-widget-container\">\n\t\t\t\t\t\t\t\t\t\t\t\t\t\t<a href=\"https:\/\/www.brde.com.br\/palacete\/recital-dos-violoncelos\/\">\n\t\t\t\t\t\t\t<img decoding=\"async\" width=\"600\" height=\"300\" src=\"https:\/\/brde.com.br\/palacete\/wp-content\/uploads\/2024\/10\/1-1.jpg\" class=\"attachment-large size-large wp-image-1852\" alt=\"\" srcset=\"https:\/\/brde.com.br\/palacete\/wp-content\/uploads\/2024\/10\/1-1.jpg 600w, https:\/\/brde.com.br\/palacete\/wp-content\/uploads\/2024\/10\/1-1-300x150.jpg 300w\" sizes=\"(max-width: 600px) 100vw, 600px\" \/>\t\t\t\t\t\t\t\t<\/a>\n\t\t\t\t\t\t\t\t\t\t\t\t\t<\/div>\n\t\t\t\t<\/div>\n\t\t\t\t<div class=\"elementor-element elementor-element-a94d0c1 elementor-widget elementor-widget-text-editor\" data-id=\"a94d0c1\" data-element_type=\"widget\" data-widget_type=\"text-editor.default\">\n\t\t\t\t<div class=\"elementor-widget-container\">\n\t\t\t\t\t\t\t<p><b>Recital de Violoncelo<\/b><br \/>Ter\u00e7a-feira, 08.10.2024, \u00e0s 19h<\/p>\t\t\t\t\t\t<\/div>\n\t\t\t\t<\/div>\n\t\t\t\t\t<\/div>\n\t\t<\/div>\n\t\t\t\t\t<\/div>\n\t\t<\/section>\n\t\t\t\t<section class=\"elementor-section elementor-inner-section elementor-element elementor-element-26909f6 elementor-section-boxed elementor-section-height-default elementor-section-height-default\" data-id=\"26909f6\" data-element_type=\"section\">\n\t\t\t\t\t\t<div class=\"elementor-container elementor-column-gap-default\">\n\t\t\t\t\t<div class=\"elementor-column elementor-col-50 elementor-inner-column elementor-element elementor-element-84eee9c\" data-id=\"84eee9c\" data-element_type=\"column\">\n\t\t\t<div class=\"elementor-widget-wrap elementor-element-populated\">\n\t\t\t\t\t\t<div class=\"elementor-element elementor-element-0a813b5 elementor-widget elementor-widget-image\" data-id=\"0a813b5\" data-element_type=\"widget\" data-widget_type=\"image.default\">\n\t\t\t\t<div class=\"elementor-widget-container\">\n\t\t\t\t\t\t\t\t\t\t\t\t\t\t<a href=\"https:\/\/www.brde.com.br\/palacete\/quarteto-de-violoes\/\">\n\t\t\t\t\t\t\t<img fetchpriority=\"high\" decoding=\"async\" width=\"600\" height=\"300\" src=\"https:\/\/brde.com.br\/palacete\/wp-content\/uploads\/2024\/10\/1-1.jpg\" class=\"attachment-medium_large size-medium_large wp-image-1852\" alt=\"\" srcset=\"https:\/\/brde.com.br\/palacete\/wp-content\/uploads\/2024\/10\/1-1.jpg 600w, https:\/\/brde.com.br\/palacete\/wp-content\/uploads\/2024\/10\/1-1-300x150.jpg 300w\" sizes=\"(max-width: 600px) 100vw, 600px\" \/>\t\t\t\t\t\t\t\t<\/a>\n\t\t\t\t\t\t\t\t\t\t\t\t\t<\/div>\n\t\t\t\t<\/div>\n\t\t\t\t<div class=\"elementor-element elementor-element-e449f0d elementor-widget elementor-widget-text-editor\" data-id=\"e449f0d\" data-element_type=\"widget\" data-widget_type=\"text-editor.default\">\n\t\t\t\t<div class=\"elementor-widget-container\">\n\t\t\t\t\t\t\t<p><strong>Quarteto de Viol\u00f5es<\/strong><br \/>Ter\u00e7a-feira, 24.09.2024, \u00e0s 19h.<\/p>\t\t\t\t\t\t<\/div>\n\t\t\t\t<\/div>\n\t\t\t\t\t<\/div>\n\t\t<\/div>\n\t\t\t\t<div class=\"elementor-column elementor-col-50 elementor-inner-column elementor-element elementor-element-58c14d6\" data-id=\"58c14d6\" data-element_type=\"column\">\n\t\t\t<div class=\"elementor-widget-wrap elementor-element-populated\">\n\t\t\t\t\t\t<div class=\"elementor-element elementor-element-be53240 elementor-widget elementor-widget-image\" data-id=\"be53240\" data-element_type=\"widget\" data-widget_type=\"image.default\">\n\t\t\t\t<div class=\"elementor-widget-container\">\n\t\t\t\t\t\t\t\t\t\t\t\t\t\t<a href=\"https:\/\/www.brde.com.br\/palacete\/10-09\/\">\n\t\t\t\t\t\t\t<img decoding=\"async\" width=\"600\" height=\"300\" src=\"https:\/\/brde.com.br\/palacete\/wp-content\/uploads\/2024\/10\/1-1.jpg\" class=\"attachment-large size-large wp-image-1852\" alt=\"\" srcset=\"https:\/\/brde.com.br\/palacete\/wp-content\/uploads\/2024\/10\/1-1.jpg 600w, https:\/\/brde.com.br\/palacete\/wp-content\/uploads\/2024\/10\/1-1-300x150.jpg 300w\" sizes=\"(max-width: 600px) 100vw, 600px\" \/>\t\t\t\t\t\t\t\t<\/a>\n\t\t\t\t\t\t\t\t\t\t\t\t\t<\/div>\n\t\t\t\t<\/div>\n\t\t\t\t<div class=\"elementor-element elementor-element-6b41cb1 elementor-widget elementor-widget-text-editor\" data-id=\"6b41cb1\" data-element_type=\"widget\" data-widget_type=\"text-editor.default\">\n\t\t\t\t<div class=\"elementor-widget-container\">\n\t\t\t\t\t\t\t<p><b>Recital de Viol\u00e3o &#8211; Alisson Al\u00edpio<\/b><br \/>Ter\u00e7a-feira, 10.09.2024, \u00e0s 19h.<\/p>\t\t\t\t\t\t<\/div>\n\t\t\t\t<\/div>\n\t\t\t\t\t<\/div>\n\t\t<\/div>\n\t\t\t\t\t<\/div>\n\t\t<\/section>\n\t\t\t\t<div class=\"elementor-element elementor-element-4b22f26d elementor-widget elementor-widget-spacer\" data-id=\"4b22f26d\" data-element_type=\"widget\" data-widget_type=\"spacer.default\">\n\t\t\t\t<div class=\"elementor-widget-container\">\n\t\t\t\t\t<div class=\"elementor-spacer\">\n\t\t\t<div class=\"elementor-spacer-inner\"><\/div>\n\t\t<\/div>\n\t\t\t\t<\/div>\n\t\t\t\t<\/div>\n\t\t\t\t\t<\/div>\n\t\t<\/div>\n\t\t\t\t\t<\/div>\n\t\t<\/section>\n\t\t\t\t<\/div>\n\t\t","protected":false},"excerpt":{"rendered":"<p>SALA DE M\u00daSICA O Espa\u00e7o Cultural BRDE &#8211; Palacete dos Le\u00f5es e a Escola de M\u00fasica e Belas Artes do Paran\u00e1 &#8211; EMBAP\/UNESPAR t\u00eam o prazer de APRESENTAR o projeto [&hellip;]<\/p>\n","protected":false},"author":5,"featured_media":0,"parent":0,"menu_order":0,"comment_status":"closed","ping_status":"closed","template":"","meta":{"footnotes":""},"class_list":["post-1634","page","type-page","status-publish","hentry"],"_links":{"self":[{"href":"https:\/\/brde.com.br\/palacete\/wp-json\/wp\/v2\/pages\/1634"}],"collection":[{"href":"https:\/\/brde.com.br\/palacete\/wp-json\/wp\/v2\/pages"}],"about":[{"href":"https:\/\/brde.com.br\/palacete\/wp-json\/wp\/v2\/types\/page"}],"author":[{"embeddable":true,"href":"https:\/\/brde.com.br\/palacete\/wp-json\/wp\/v2\/users\/5"}],"replies":[{"embeddable":true,"href":"https:\/\/brde.com.br\/palacete\/wp-json\/wp\/v2\/comments?post=1634"}],"version-history":[{"count":34,"href":"https:\/\/brde.com.br\/palacete\/wp-json\/wp\/v2\/pages\/1634\/revisions"}],"predecessor-version":[{"id":2338,"href":"https:\/\/brde.com.br\/palacete\/wp-json\/wp\/v2\/pages\/1634\/revisions\/2338"}],"wp:attachment":[{"href":"https:\/\/brde.com.br\/palacete\/wp-json\/wp\/v2\/media?parent=1634"}],"curies":[{"name":"wp","href":"https:\/\/api.w.org\/{rel}","templated":true}]}}